{"id":642,"date":"2023-03-08T09:55:31","date_gmt":"2023-03-08T08:55:31","guid":{"rendered":"http:\/\/svk.hkdrustvo.hr\/?page_id=642"},"modified":"2025-11-27T11:18:17","modified_gmt":"2025-11-27T10:18:17","slug":"programme","status":"publish","type":"page","link":"https:\/\/svk.hkdrustvo.hr\/?page_id=642","title":{"rendered":"Programme"},"content":{"rendered":"<div class=\"wp-block-ub-content-toggle wp-block-ub-content-toggle-block\" id=\"ub-content-toggle-block-f2071a50-6853-49b5-a28d-df0871f4a1ef\" data-mobilecollapse=\"false\" data-desktopcollapse=\"true\" data-preventcollapse=\"false\" data-showonlyone=\"false\">\n<div class=\"wp-block-ub-content-toggle-accordion\" style=\"border-color: #b9e2db; \" id=\"ub-content-toggle-panel-block-\">\n\t\t\t<div class=\"wp-block-ub-content-toggle-accordion-title-wrap\" style=\"background-color: #b9e2db;\" aria-controls=\"ub-content-toggle-panel-0-f2071a50-6853-49b5-a28d-df0871f4a1ef\" tabindex=\"0\">\n\t\t\t<p class=\"wp-block-ub-content-toggle-accordion-title ub-content-toggle-title-f2071a50-6853-49b5-a28d-df0871f4a1ef\" style=\"color: #000000; \"><strong>Monday, December <strong>1st <\/strong><\/strong><strong>2025.<\/strong><\/p>\n\t\t\t<div class=\"wp-block-ub-content-toggle-accordion-toggle-wrap right\" style=\"color: #000000;\"><span class=\"wp-block-ub-content-toggle-accordion-state-indicator wp-block-ub-chevron-down\"><\/span><\/div>\n\t\t<\/div>\n\t\t\t<div role=\"region\" aria-expanded=\"false\" class=\"wp-block-ub-content-toggle-accordion-content-wrap ub-hide\" id=\"ub-content-toggle-panel-0-f2071a50-6853-49b5-a28d-df0871f4a1ef\">\n\n<p><mark style=\"background-color:#b9e2db\" class=\"has-inline-color\"><strong>12:30-18:00<\/strong> Participant registrations<\/mark><\/p>\n\n\n\n<p><mark style=\"background-color:#b9e2db\" class=\"has-inline-color has-black-color\"><strong>13:30-14:00<\/strong> Grand opening<\/mark><\/p>\n\n\n\n<div class=\"wp-block-group is-vertical is-layout-flex wp-container-core-group-is-layout-8cf370e7 wp-block-group-is-layout-flex\">\n<p><mark style=\"background-color:#b9e2db\" class=\"has-inline-color\"><strong>14:00-16:00<\/strong> Great hall, Thematic block <strong><strong>Libraries in the era of digital transformation and artificial intelligence<\/strong><\/strong><\/mark><\/p>\n\n\n\n<p><em>Moderator<\/em>: Dejana Golenko<\/p>\n<\/div>\n\n\n\n<ul class=\"wp-block-list\">\n<li><strong>14:00-14:45<\/strong> <strong>Invited presentation<\/strong>\n<ul class=\"wp-block-list\">\n<li>I. Kunda: <strong>Bridging Law, Libraries, and Artificial Intelligence: Building a Digitally Mature Ecosystem in Higher Education<\/strong><\/li>\n<\/ul>\n<\/li>\n\n\n\n<li><strong>14:45-16:00<\/strong> <strong><strong>Invited presentation<\/strong><\/strong> &#8211; <strong>Panel discussion<\/strong>\n<ul class=\"wp-block-list\">\n<li><strong>Universities and Academic Libraries Facing the Challenges of Artificial Intelligence<\/strong><\/li>\n\n\n\n<li><em>Panelists: <\/em>S. Ma\u0107e\u0161i\u0107, P Po\u0161\u010di\u0107, I. Kunda, M, Baj\u010di\u0107, A. Kolari\u0107 i L. Lazzarich<\/li>\n\n\n\n<li><em>Moderator<\/em>: Dejana Golenko<\/li>\n<\/ul>\n<\/li>\n<\/ul>\n\n\n\n<div class=\"wp-block-group is-vertical is-layout-flex wp-container-core-group-is-layout-8cf370e7 wp-block-group-is-layout-flex\">\n<p><mark style=\"background-color:#b9e2db\" class=\"has-inline-color\"><strong>14:45-16:00<\/strong> Small hall, Thematic block <strong><strong>Library management<\/strong><\/strong><\/mark><\/p>\n\n\n\n<p><em>Moderator<\/em>s: Andreja Tominac (presentations) i Gordana Ga\u0161o (e-posters)<\/p>\n\n\n\n<p><strong><strong>Presentation<\/strong>s<\/strong>:<\/p>\n\n\n\n<ul class=\"wp-block-list\">\n<li><strong>14:45-15:00 <\/strong>\n<ul class=\"wp-block-list\">\n<li>V. Golubovi\u0107, S. Kosi\u0107, T. Aparac-Jelu\u0161i\u0107: <strong>Managing the Yugoslavica Collection in Croatian Academic Libraries: Balancing Evaluation and Collection Development Policy<\/strong><\/li>\n<\/ul>\n<\/li>\n\n\n\n<li><strong>15:00-15:15<\/strong>\n<ul class=\"wp-block-list\">\n<li>J. Logar, M. Petan: <strong>The Role of Project Management in Organising Events for Library Advocacy in Academic Environment<\/strong><\/li>\n<\/ul>\n<\/li>\n\n\n\n<li><strong>15:15-15:30 <\/strong>\n<ul class=\"wp-block-list\">\n<li>I. Kuki\u0107, I. Cahun Kisi\u0107: <strong>Beyond traditional library functions: the Library of the Faculty of Humanities and Social Sciences between cultural activities and digital presence<\/strong><\/li>\n<\/ul>\n<\/li>\n<\/ul>\n\n\n\n<p><strong>E-posters<\/strong>:<\/p>\n\n\n\n<ul class=\"wp-block-list\">\n<li><strong>15:30-16:00<\/strong>\n<ul class=\"wp-block-list\">\n<li>A. Gri \u0160torga, M. \u0160pigi\u0107, K. Zenzerovi\u0107: <strong>Giorgio Edmondo Pons, Pula\u2019s First Librarian: An Example of Best Practices at the Archaeological Museum of Istria Library<\/strong><\/li>\n\n\n\n<li>L. Bratovi\u0107: <strong>The legacy of Harald von Petrikovits: a special collection in the Library of the International Centre for Underwater Archaeology in Zadar<\/strong><\/li>\n\n\n\n<li>L. Kukica \u0106osi\u0107: <strong>The Collection of Librettos from the legacy of Luka Drobac in the Research Library in Dubrovnik<\/strong><\/li>\n\n\n\n<li>J. Vragolov: <strong>The Pozza-Kati\u0107 collection in Dubrovnik Research library<\/strong><\/li>\n\n\n\n<li>M. Maruna: <strong>Valuable Written Heritage of the Library of the Archaeological Museum In Zadar<\/strong><\/li>\n\n\n\n<li>T. Lubina, B. Petrovi\u0107: <strong>The Role of the Museum of Slavonia Library in the Preservation and Interpretation of Osijek\u2019s Cultural Heritage: The Example of Hrvatski list in the Newspaper Archive<\/strong><\/li>\n<\/ul>\n<\/li>\n<\/ul>\n<\/div>\n\n\n\n<div style=\"height:30px\" aria-hidden=\"true\" class=\"wp-block-spacer\"><\/div>\n\n\n\n<p><mark style=\"background-color:#b9e2db\" class=\"has-inline-color\"><strong>16:00-17:00 <\/strong>Banquet<\/mark><\/p>\n\n\n\n<div class=\"wp-block-group is-vertical is-layout-flex wp-container-core-group-is-layout-8cf370e7 wp-block-group-is-layout-flex\">\n<div class=\"wp-block-group is-vertical is-layout-flex wp-container-core-group-is-layout-8cf370e7 wp-block-group-is-layout-flex\">\n<p><mark style=\"background-color:#b9e2db\" class=\"has-inline-color\"><strong>17:00-18:20<\/strong> <mark style=\"background-color:#b9e2db\" class=\"has-inline-color\">Great hall<\/mark>, tematski blok <strong><mark style=\"background-color:#b9e2db\" class=\"has-inline-color\"><strong><strong>Libraries in the era of digital transformation and artificial intelligence<\/strong><\/strong><\/mark><\/strong><\/mark><\/p>\n\n\n\n<p><em>Moderator<\/em>: Nina Jela\u010da<\/p>\n\n\n\n<p><strong><strong><strong>Presentation<\/strong>s<\/strong><\/strong>:<\/p>\n\n\n\n<ul class=\"wp-block-list\">\n<li><strong>17:00-17:15<\/strong> \n<ul class=\"wp-block-list\">\n<li>I. Ga\u0161parovi\u0107: <strong>Artificial Intelligence in the Service of Librarians: Identification, Transliteration, Classification, and Cataloguing of Materials in Other Languages and Scripts<\/strong><\/li>\n<\/ul>\n<\/li>\n\n\n\n<li><strong>17:15-17:30<\/strong> \n<ul class=\"wp-block-list\">\n<li>A. Stojkovi\u0107: <strong>E-Library as a Response to the Challenges of Library Resource Management at the University of Banja Luka<\/strong><\/li>\n<\/ul>\n<\/li>\n\n\n\n<li><strong>17:30-17:45<\/strong> \n<ul class=\"wp-block-list\">\n<li>G. Stubi\u010dan Lade\u0161i\u0107:<strong> Experience of the Faculty of Science Repository in the CoreTrustSeal Certification Process<\/strong><\/li>\n<\/ul>\n<\/li>\n\n\n\n<li><strong>17:45-18:00<\/strong> \n<ul class=\"wp-block-list\">\n<li>I. Ke\u017ei\u0107 Pucketi\u0107, A. Katuli\u0107, T. Petri\u0107: <strong>Official Publications in Academic, Scientific, University and Special Libraries<\/strong><\/li>\n<\/ul>\n<\/li>\n\n\n\n<li><strong>18:00-18:15<\/strong> \n<ul class=\"wp-block-list\">\n<li>Z. Vitkovi\u0107: <strong>The physical and virtual Collection of Molise Croats in the Library and Digital collection of the Croatian Academy of Sciences and Arts<\/strong><\/li>\n<\/ul>\n<\/li>\n<\/ul>\n<\/div>\n\n\n\n<div class=\"wp-block-group is-vertical is-layout-flex wp-container-core-group-is-layout-8cf370e7 wp-block-group-is-layout-flex\">\n<div class=\"wp-block-group is-vertical is-layout-flex wp-container-core-group-is-layout-8cf370e7 wp-block-group-is-layout-flex\">\n<p><strong>E-poster<\/strong>:<\/p>\n\n\n\n<ul class=\"wp-block-list\">\n<li><strong>18:15-18:20 <\/strong>\n<ul class=\"wp-block-list\">\n<li>L. \u0160uster: <strong>Artificial Intelligence and Information Literacy: Challenges and Perceptions in the Academic Community<\/strong><\/li>\n<\/ul>\n<\/li>\n<\/ul>\n<\/div>\n<\/div>\n<\/div>\n\n\n\n<div style=\"height:30px\" aria-hidden=\"true\" class=\"wp-block-spacer\"><\/div>\n\n\n\n<div class=\"wp-block-group is-vertical is-layout-flex wp-container-core-group-is-layout-8cf370e7 wp-block-group-is-layout-flex\">\n<p><mark style=\"background-color:#b9e2db\" class=\"has-inline-color\"><strong>17:00-18:15<\/strong> <mark style=\"background-color:#b9e2db\" class=\"has-inline-color\">Small hall, Thematic block<\/mark> <strong>Libraries in the era of digital transformation and artificial intelligence<\/strong><\/mark><\/p>\n\n\n\n<p><strong>Workshop<\/strong>:<\/p>\n\n\n\n<ul class=\"wp-block-list\">\n<li>J. Cvrkovi\u0107: <strong>Communication and Artificial Intelligence in the Context of Library Practice<\/strong><\/li>\n<\/ul>\n<\/div>\n\n\n\n<p><\/p>\n\n<\/div>\n\t\t<\/div>\n\n<div class=\"wp-block-ub-content-toggle-accordion\" style=\"border-color: #b9e2db; \" id=\"ub-content-toggle-panel-block-\">\n\t\t\t<div class=\"wp-block-ub-content-toggle-accordion-title-wrap\" style=\"background-color: #b9e2db;\" aria-controls=\"ub-content-toggle-panel-1-f2071a50-6853-49b5-a28d-df0871f4a1ef\" tabindex=\"0\">\n\t\t\t<p class=\"wp-block-ub-content-toggle-accordion-title ub-content-toggle-title-f2071a50-6853-49b5-a28d-df0871f4a1ef\" style=\"color: #000000; \"><strong>Tuesday<\/strong><strong>, December <strong>2nd <\/strong>2025.<\/strong><\/p>\n\t\t\t<div class=\"wp-block-ub-content-toggle-accordion-toggle-wrap right\" style=\"color: #000000;\"><span class=\"wp-block-ub-content-toggle-accordion-state-indicator wp-block-ub-chevron-down\"><\/span><\/div>\n\t\t<\/div>\n\t\t\t<div role=\"region\" aria-expanded=\"false\" class=\"wp-block-ub-content-toggle-accordion-content-wrap ub-hide\" id=\"ub-content-toggle-panel-1-f2071a50-6853-49b5-a28d-df0871f4a1ef\">\n\n<p><mark style=\"background-color:#b9e2db\" class=\"has-inline-color\"><strong>9:00-13:00<\/strong> Participant registrations<\/mark><\/p>\n\n\n\n<div class=\"wp-block-group is-vertical is-layout-flex wp-container-core-group-is-layout-8cf370e7 wp-block-group-is-layout-flex\">\n<div class=\"wp-block-group is-vertical is-layout-flex wp-container-core-group-is-layout-8cf370e7 wp-block-group-is-layout-flex\">\n<p><mark style=\"background-color:#b9e2db\" class=\"has-inline-color\"><strong>9:30-11:00<\/strong> <mark style=\"background-color:#b9e2db\" class=\"has-inline-color\">Great hall, Thematic block <strong><strong>Libraries in the era of digital transformation and artificial intelligence<\/strong><\/strong><\/mark><\/mark><\/p>\n\n\n\n<p><em>Moderator<\/em>: Nina Jela\u010da<\/p>\n<\/div>\n\n\n\n<p><strong><strong><strong>Presentation<\/strong>s<\/strong><\/strong>:<\/p>\n\n\n\n<ul class=\"wp-block-list\">\n<li><strong>9:30-10:30<\/strong> <strong><strong>Invited presentatio<\/strong>n &#8211; <em>Round table<\/em><\/strong>\n<ul class=\"wp-block-list\">\n<li>D. Machala, I. Stri\u010devi\u0107 i L. Lazzarich: <strong>Topology of the Croatian academic library system in the cloud: experiences and expectations<\/strong><\/li>\n<\/ul>\n<\/li>\n<\/ul>\n\n\n\n<ul class=\"wp-block-list\">\n<li><strong>10:30-10:45 <\/strong>\n<ul class=\"wp-block-list\">\n<li>S. Klarin Zadravec, K. Holub, M. Justini\u0107: <strong>Results of Twenty Years of Digitization of Croatian Periodicals and Challenges in Infrastructure Development<\/strong><\/li>\n<\/ul>\n<\/li>\n\n\n\n<li><strong>10:45-11:00<\/strong> \n<ul class=\"wp-block-list\">\n<li>D. Ma\u0161ina Delija, I. \u0160amec Flaschar: <strong>Digital collection and catalogue of the Croatian Academy of Sciences and Arts: current state and future perspectives<\/strong><\/li>\n<\/ul>\n<\/li>\n<\/ul>\n<\/div>\n\n\n\n<div style=\"height:30px\" aria-hidden=\"true\" class=\"wp-block-spacer\"><\/div>\n\n\n\n<p><mark style=\"background-color:#b9e2db\" class=\"has-inline-color\"><strong>11:00-11:30 <\/strong>Break<\/mark><\/p>\n\n\n\n<div class=\"wp-block-group is-vertical is-layout-flex wp-container-core-group-is-layout-8cf370e7 wp-block-group-is-layout-flex\">\n<p><mark style=\"background-color:#b9e2db\" class=\"has-inline-color\"><strong>11:30-12:15<\/strong> <mark style=\"background-color:#b9e2db\" class=\"has-inline-color\"><mark style=\"background-color:#b9e2db\" class=\"has-inline-color\">Great hall, Thematic block <\/mark><\/mark><strong><strong>Sustainable development of libraries<\/strong><\/strong><\/mark><\/p>\n\n\n\n<p><em>Moderator<\/em>: Vilena Vrbani\u0107<\/p>\n\n\n\n<p><strong><strong><strong><strong>Presentation<\/strong>s<\/strong><\/strong><\/strong>:<\/p>\n\n\n\n<ul class=\"wp-block-list\">\n<li><strong>11:30-11:45 <\/strong>\n<ul class=\"wp-block-list\">\n<li>S. Pupovac, M. Rado\u0161: <strong>Green Library of the Academy of Arts and Culture in Osijek-Synergy of Education, Art, Ecology and Sustainability<\/strong><\/li>\n<\/ul>\n<\/li>\n\n\n\n<li><strong>11:45-12:00<\/strong> \n<ul class=\"wp-block-list\">\n<li>J. So\u010do, L. Zrni\u0107: <strong>The Library as a Space for Language and Cultural Exchange: Language Caf\u00e9 Project JeKa<\/strong><\/li>\n<\/ul>\n<\/li>\n\n\n\n<li><strong>12:00-12:15<\/strong> \n<ul class=\"wp-block-list\">\n<li>J. Bogdanovi\u0107, D. Krsti\u0107:<strong> The Importance of Resilience and Adaptability for the Long-Term Preservation of Library Collections<\/strong><\/li>\n<\/ul>\n<\/li>\n<\/ul>\n<\/div>\n\n\n\n<div style=\"height:30px\" aria-hidden=\"true\" class=\"wp-block-spacer\"><\/div>\n\n\n\n<div class=\"wp-block-group is-vertical is-layout-flex wp-container-core-group-is-layout-8cf370e7 wp-block-group-is-layout-flex\">\n<div class=\"wp-block-group is-vertical is-layout-flex wp-container-core-group-is-layout-8cf370e7 wp-block-group-is-layout-flex\">\n<p><mark style=\"background-color:#b9e2db\" class=\"has-inline-color\"><strong>12:15-13:05<\/strong> <mark style=\"background-color:#b9e2db\" class=\"has-inline-color\"><mark style=\"background-color:#b9e2db\" class=\"has-inline-color\"><mark style=\"background-color:#b9e2db\" class=\"has-inline-color\">Great hall, Thematic block<\/mark><\/mark><\/mark> <strong><strong>The challenges of library openness<\/strong><\/strong><\/mark><\/p>\n\n\n\n<p><em>Moderators<\/em>: Edita Ba\u010di\u0107 i Iva Sesar<\/p>\n\n\n\n<p><strong><strong><strong><strong><strong>Presentation<\/strong>s<\/strong><\/strong><\/strong><\/strong>:<\/p>\n\n\n\n<ul class=\"wp-block-list\">\n<li><strong>12:15-12:30<\/strong> \n<ul class=\"wp-block-list\">\n<li>L. Machala:<strong> Joint workflow of the CIP offices in Croatia using a shared online form and the shared library system Alma<\/strong><\/li>\n<\/ul>\n<\/li>\n\n\n\n<li><strong>12:30-12:45<\/strong> \n<ul class=\"wp-block-list\">\n<li>M. Justini\u0107: <strong>Evaluating Digital Collections: Challenges, Approaches, and the Application of the Balance Value Impact Model<\/strong><\/li>\n<\/ul>\n<\/li>\n\n\n\n<li><strong>12:45-13:00 <\/strong>\n<ul class=\"wp-block-list\">\n<li>A. Kne\u017eevi\u0107 Cerovski, P. Pancirov: <strong>Find, Identify, Connect: The Role of Authority Database in Library Information Systems<\/strong><\/li>\n<\/ul>\n<\/li>\n<\/ul>\n\n\n\n<p><strong>E-poster<\/strong>:<\/p>\n\n\n\n<ul class=\"wp-block-list\">\n<li><strong>13:00-13:05<\/strong> \n<ul class=\"wp-block-list\">\n<li>L. Dolenec, S. Mari\u010dkovi\u0107: <strong>The contribution of higher education libraries to promoting open science: open access to graded papers through the Dabar system<\/strong><\/li>\n<\/ul>\n<\/li>\n<\/ul>\n<\/div>\n<\/div>\n\n\n\n<div style=\"height:30px\" aria-hidden=\"true\" class=\"wp-block-spacer\"><\/div>\n\n\n\n<div class=\"wp-block-group is-vertical is-layout-flex wp-container-core-group-is-layout-8cf370e7 wp-block-group-is-layout-flex\">\n<div class=\"wp-block-group is-vertical is-layout-flex wp-container-core-group-is-layout-8cf370e7 wp-block-group-is-layout-flex\">\n<p><mark style=\"background-color:#b9e2db\" class=\"has-inline-color\"><strong>11:30-12:45 <\/strong>Small hall, Thematic block\u00a0<strong>Libraries in the era of digital transformation and artificial intelligence<\/strong><\/mark><\/p>\n\n\n\n<p><strong>Workshop<\/strong>:<\/p>\n\n\n\n<ul class=\"wp-block-list\">\n<li>K. \u0160venda Radeljak; D. Golenko; I. Ke\u017ei\u0107 Pucketi\u0107; I. Kova\u010devi\u0107 Melin\u010devi\u0107: <strong>Information Literate, Legally Aware: The Superpowers of Librarians in the Digital Age<\/strong><\/li>\n<\/ul>\n<\/div>\n<\/div>\n\n\n\n<div style=\"height:30px\" aria-hidden=\"true\" class=\"wp-block-spacer\"><\/div>\n\n\n\n<p><mark style=\"background-color:#b9e2db\" class=\"has-inline-color\"><strong>13:05-14:15<\/strong> Lunch break<\/mark><\/p>\n\n\n\n<div class=\"wp-block-group is-vertical is-layout-flex wp-container-core-group-is-layout-8cf370e7 wp-block-group-is-layout-flex\">\n<div class=\"wp-block-group is-vertical is-layout-flex wp-container-core-group-is-layout-8cf370e7 wp-block-group-is-layout-flex\">\n<div class=\"wp-block-group is-vertical is-layout-flex wp-container-core-group-is-layout-8cf370e7 wp-block-group-is-layout-flex\">\n<p><mark style=\"background-color:#b9e2db\" class=\"has-inline-color\"><strong>14:15-15:30<\/strong> <mark style=\"background-color:#b9e2db\" class=\"has-inline-color\"><mark style=\"background-color:#b9e2db\" class=\"has-inline-color\"><mark style=\"background-color:#b9e2db\" class=\"has-inline-color\"><mark style=\"background-color:#b9e2db\" class=\"has-inline-color\">Great hall, Thematic block<\/mark><\/mark><\/mark> <\/mark><strong>The challenges of library openness<\/strong><\/mark><\/p>\n\n\n\n<p><strong><strong><strong><strong><strong><strong>Presentation<\/strong>s<\/strong><\/strong><\/strong><\/strong><\/strong>:<\/p>\n\n\n\n<ul class=\"wp-block-list\">\n<li><strong>14:15-15:00<\/strong> <strong><strong>Invited presentation<\/strong><\/strong>\n<ul class=\"wp-block-list\">\n<li>M. Bargheer (G\u00f6ttingen University Library) (online izlaganje): <strong>Open Access enabled by libraries \u2013 challenges and opportunities<\/strong><\/li>\n<\/ul>\n<\/li>\n\n\n\n<li><strong>15:00-15:15<\/strong> \n<ul class=\"wp-block-list\">\n<li>L. Palameta: <strong>First Winter School of Open Science at the Ru\u0111er Bo\u0161kovi\u0107 Institute<\/strong><\/li>\n<\/ul>\n<\/li>\n\n\n\n<li><strong>15:15-15:30<\/strong>\n<ul class=\"wp-block-list\">\n<li>I. Melin\u0161\u010dak Zlodi: <strong>Green Open Access: an opportunity we are letting slip away<\/strong><\/li>\n<\/ul>\n<\/li>\n<\/ul>\n<\/div>\n<\/div>\n<\/div>\n\n\n\n<div style=\"height:30px\" aria-hidden=\"true\" class=\"wp-block-spacer\"><\/div>\n\n\n\n<p><mark style=\"background-color:#b9e2db\" class=\"has-inline-color\"><strong>15:30-16:00<\/strong> Break<\/mark><\/p>\n\n\n\n<div class=\"wp-block-group is-vertical is-layout-flex wp-container-core-group-is-layout-8cf370e7 wp-block-group-is-layout-flex\">\n<p><mark style=\"background-color:#b9e2db\" class=\"has-inline-color\"><strong>16:00-17:15<\/strong> <mark style=\"background-color:#b9e2db\" class=\"has-inline-color\"><mark style=\"background-color:#b9e2db\" class=\"has-inline-color\"><mark style=\"background-color:#b9e2db\" class=\"has-inline-color\"><mark style=\"background-color:#b9e2db\" class=\"has-inline-color\"><mark style=\"background-color:#b9e2db\" class=\"has-inline-color\">Great hall, Thematic block<\/mark><\/mark><\/mark><\/mark><\/mark> <strong><strong><strong>The status of libraries and librarians<\/strong><\/strong><\/strong> <\/mark><\/p>\n\n\n\n<p><em>Moderator<\/em>: Dora Rubini\u0107<\/p>\n\n\n\n<ul class=\"wp-block-list\">\n<li><strong>16:00-16:15<\/strong> <strong><strong><strong>Presentation<\/strong><\/strong><\/strong>\n<ul class=\"wp-block-list\">\n<li>V. Novosel, J. So\u010do, L. Zrni\u0107: <strong>Between Expectations and Capacity: Organizational Restructuring of Academic Libraries Faculty of Humanities and Social Sciences Library in Zagreb case<\/strong><\/li>\n<\/ul>\n<\/li>\n\n\n\n<li><strong>16:15-17:45<\/strong> <em><strong>Round table<\/strong><\/em><br><em>Moderator:<\/em> B. Peradeni\u0107-Kotur\n<ul class=\"wp-block-list\">\n<li><em>Participants: <\/em>E. Ba\u010di\u0107, D. M. Gabriel, D. Nemec, T. Petri\u0107: <strong>Ethics in the Librarianship<\/strong><\/li>\n<\/ul>\n<\/li>\n<\/ul>\n<\/div>\n\n\n\n<div style=\"height:30px\" aria-hidden=\"true\" class=\"wp-block-spacer\"><\/div>\n\n\n\n<p><mark style=\"background-color:#b9e2db\" class=\"has-inline-color\"><strong>19:00<\/strong> Dinner for participants<\/mark><\/p>\n\n\n\n<p><\/p>\n\n<\/div>\n\t\t<\/div>\n\n<div class=\"wp-block-ub-content-toggle-accordion\" style=\"border-color: #b9e2db; \" id=\"ub-content-toggle-panel-block-\">\n\t\t\t<div class=\"wp-block-ub-content-toggle-accordion-title-wrap\" style=\"background-color: #b9e2db;\" aria-controls=\"ub-content-toggle-panel-2-f2071a50-6853-49b5-a28d-df0871f4a1ef\" tabindex=\"0\">\n\t\t\t<p class=\"wp-block-ub-content-toggle-accordion-title ub-content-toggle-title-f2071a50-6853-49b5-a28d-df0871f4a1ef\" style=\"color: #000000; \"><strong>Wednesday, December <strong>3rd <\/strong>2025.<\/strong><\/p>\n\t\t\t<div class=\"wp-block-ub-content-toggle-accordion-toggle-wrap right\" style=\"color: #000000;\"><span class=\"wp-block-ub-content-toggle-accordion-state-indicator wp-block-ub-chevron-down\"><\/span><\/div>\n\t\t<\/div>\n\t\t\t<div role=\"region\" aria-expanded=\"false\" class=\"wp-block-ub-content-toggle-accordion-content-wrap ub-hide\" id=\"ub-content-toggle-panel-2-f2071a50-6853-49b5-a28d-df0871f4a1ef\">\n\n<p><mark style=\"background-color:#b9e2db\" class=\"has-inline-color\"><strong>9:00-12:00<\/strong> Participant registrations<\/mark><\/p>\n\n\n\n<div class=\"wp-block-group is-vertical is-layout-flex wp-container-core-group-is-layout-8cf370e7 wp-block-group-is-layout-flex\">\n<p><mark style=\"background-color:#b9e2db\" class=\"has-inline-color\"><strong>9:30-11:00<\/strong> Great hall, Thematic block <strong><strong><strong>The status of libraries and librarians<\/strong><\/strong><\/strong><\/mark><\/p>\n\n\n\n<p><em>Moderator<\/em>: Dejana Golenko<\/p>\n\n\n\n<p><strong><strong><strong>Presentatio<\/strong><\/strong>ns<\/strong>:<\/p>\n\n\n\n<ul class=\"wp-block-list\">\n<li><strong>9:30-10:15<\/strong> <strong><strong><strong>Invited presentation<\/strong><\/strong><\/strong>\n<ul class=\"wp-block-list\">\n<li>M. Banek Zorica: <strong>Librarians in the Age of Artificial Intelligence: Between Knowledge, Competencies, and Identity<\/strong><\/li>\n<\/ul>\n<\/li>\n\n\n\n<li><strong>10:15-10:30<\/strong> \n<ul class=\"wp-block-list\">\n<li>J. Bre\u0161ar, M. Brada\u010d, T. Ul\u010dakar: <strong>Bibliometric Analyses as a Tool for Scientific Excellence: The Experience of the Central Economics Library<\/strong><\/li>\n<\/ul>\n<\/li>\n\n\n\n<li><strong>10:30-10:45 <\/strong>\n<ul class=\"wp-block-list\">\n<li>S. Brbora: <strong>Is the terminology in the field of academic and special libraries fully harmonized?<\/strong><\/li>\n<\/ul>\n<\/li>\n\n\n\n<li><strong>10:45-11:00 <\/strong>\n<ul class=\"wp-block-list\">\n<li>H. \u0160ari\u0107, A. Piki\u0107 Jugovi\u0107: <strong>CroRIS and Librarians: Synergy between Expertise and Technology<\/strong><\/li>\n<\/ul>\n<\/li>\n<\/ul>\n<\/div>\n\n\n\n<div style=\"height:30px\" aria-hidden=\"true\" class=\"wp-block-spacer\"><\/div>\n\n\n\n<p><mark style=\"background-color:#b9e2db\" class=\"has-inline-color\"><strong>11:00-11:30<\/strong> Break<\/mark><\/p>\n\n\n\n<div class=\"wp-block-group is-vertical is-layout-flex wp-container-core-group-is-layout-8cf370e7 wp-block-group-is-layout-flex\">\n<div class=\"wp-block-group is-vertical is-layout-flex wp-container-core-group-is-layout-8cf370e7 wp-block-group-is-layout-flex\">\n<div class=\"wp-block-group is-vertical is-layout-flex wp-container-core-group-is-layout-8cf370e7 wp-block-group-is-layout-flex\">\n<p><mark style=\"background-color:#b9e2db\" class=\"has-inline-color\"><strong>11:30-13:00<\/strong> <mark style=\"background-color:#b9e2db\" class=\"has-inline-color\">Great hall, Thematic block <strong><strong><strong>The status of libraries and librarians<\/strong><\/strong><\/strong><\/mark><\/mark><\/p>\n\n\n\n<p><em>Moderator<\/em>: Dora Rubini\u0107<\/p>\n\n\n\n<p><strong><strong><strong><strong>Presentatio<\/strong><\/strong>ns<\/strong><\/strong>:<\/p>\n\n\n\n<ul class=\"wp-block-list\">\n<li><strong>11:30-11:45<\/strong> \n<ul class=\"wp-block-list\">\n<li>S. Heberling Dragi\u010devi\u0107: <strong>Overview of the State of Academic and Special Libraries within the Competence Area of the University Library Rijeka: Compliance with Current Standards<\/strong><\/li>\n<\/ul>\n<\/li>\n\n\n\n<li><strong>11:45-12:00<\/strong> \n<ul class=\"wp-block-list\">\n<li>T. Ul\u010dakar, L. Borovnjak: <strong>New Professional Horizons: Redefining the Role of Academic Librarians in Slovenia<\/strong><\/li>\n<\/ul>\n<\/li>\n\n\n\n<li><strong>12:00-12:15<\/strong> \n<ul class=\"wp-block-list\">\n<li>A. Filipeti; G. Ga\u0161o, M. Kova\u010d: <strong>Programs of the Training Centre for Continuing Education of Librarians in Croatia (CSSU) as Support for Knowledge Exchange and Professional Networking among Academic and Special Librarians<\/strong><\/li>\n<\/ul>\n<\/li>\n\n\n\n<li><strong>12:15-12:30<\/strong> \n<ul class=\"wp-block-list\">\n<li>L. K. Lon\u010dari\u0107: <strong>The 21st-century cataloger: cataloging in the age of artificial intelligence \u2013 opportunities, challenges, and new competencies<\/strong><\/li>\n<\/ul>\n<\/li>\n\n\n\n<li><strong>12:30-12:45<\/strong> \n<ul class=\"wp-block-list\">\n<li>D. Kos, D. \u0160obota, S. \u0160piranec: <strong>Educational role of academic librarians in teaching about misinformation and disinformation<\/strong><\/li>\n<\/ul>\n<\/li>\n<\/ul>\n\n\n\n<p><strong>E-posters<\/strong>:<\/p>\n\n\n\n<ul class=\"wp-block-list\">\n<li><strong>12:45-13:00<\/strong>\n<ul class=\"wp-block-list\">\n<li>V. Golubovi\u0107, A. Katuli\u0107, N. \u0160trbac: <strong>Five years of the Legal Deposit Regulation: the role of the NSK in educating and informing the professional community<\/strong><\/li>\n\n\n\n<li>B. \u0160alamon-Cindori, A. Tominac, G. Ga\u0161o: <strong>What Have the 2024 Amendments to the Library Act and Library Activities Brought Us?<\/strong><\/li>\n<\/ul>\n<\/li>\n<\/ul>\n<\/div>\n<\/div>\n<\/div>\n\n\n\n<div style=\"height:30px\" aria-hidden=\"true\" class=\"wp-block-spacer\"><\/div>\n\n\n\n<div class=\"wp-block-group is-vertical is-layout-flex wp-container-core-group-is-layout-8cf370e7 wp-block-group-is-layout-flex\">\n<div class=\"wp-block-group is-vertical is-layout-flex wp-container-core-group-is-layout-8cf370e7 wp-block-group-is-layout-flex\">\n<p><mark style=\"background-color:#b9e2db\" class=\"has-inline-color\"><strong>11:30-13:00<\/strong> Small hall, Thematic block <strong><strong><strong>The status of libraries and librarians<\/strong><\/strong><\/strong><\/mark><\/p>\n\n\n\n<p><strong>Workshop: <\/strong><\/p>\n\n\n\n<ul class=\"wp-block-list\">\n<li>J. Bolkovac, V. Bo\u017ei\u010devi\u0107, G. Stubi\u010dan Lade\u0161i\u0107, V. Novosel, I. Pa\u017eur, T. Petri\u0107: <strong>Everywhere, All The Time<\/strong><\/li>\n<\/ul>\n<\/div>\n<\/div>\n\n\n\n<div style=\"height:30px\" aria-hidden=\"true\" class=\"wp-block-spacer\"><\/div>\n\n\n\n<p><mark style=\"background-color:#b9e2db\" class=\"has-inline-color\"><strong>13:00-13:30<\/strong> <mark style=\"background-color:#b9e2db\" class=\"has-inline-color\">Conference<\/mark> conclusions<\/mark><\/p>\n\n\n\n<p><\/p>\n\n<\/div>\n\t\t<\/div>\n<\/div>\n\n\n<figure class=\"wp-block-image size-full is-resized\"><img loading=\"lazy\" decoding=\"async\" width=\"753\" height=\"232\" src=\"https:\/\/svk.hkdrustvo.hr\/wp-content\/uploads\/2023\/02\/Slike-loga-1.png\" alt=\"\" class=\"wp-image-390\" style=\"width:377px;height:116px\" srcset=\"https:\/\/svk.hkdrustvo.hr\/wp-content\/uploads\/2023\/02\/Slike-loga-1.png 753w, https:\/\/svk.hkdrustvo.hr\/wp-content\/uploads\/2023\/02\/Slike-loga-1-300x92.png 300w\" sizes=\"auto, (max-width: 753px) 100vw, 753px\" \/><\/figure>\n","protected":false},"excerpt":{"rendered":"","protected":false},"author":5,"featured_media":1685,"parent":0,"menu_order":0,"comment_status":"closed","ping_status":"closed","template":"","meta":{"footnotes":""},"class_list":["post-642","page","type-page","status-publish","has-post-thumbnail","hentry","post"],"featured_image_src":"https:\/\/svk.hkdrustvo.hr\/wp-content\/uploads\/2025\/06\/19.-dani-SVK-logo-EN-2-scaled.png","_links":{"self":[{"href":"https:\/\/svk.hkdrustvo.hr\/index.php?rest_route=\/wp\/v2\/pages\/642","targetHints":{"allow":["GET"]}}],"collection":[{"href":"https:\/\/svk.hkdrustvo.hr\/index.php?rest_route=\/wp\/v2\/pages"}],"about":[{"href":"https:\/\/svk.hkdrustvo.hr\/index.php?rest_route=\/wp\/v2\/types\/page"}],"author":[{"embeddable":true,"href":"https:\/\/svk.hkdrustvo.hr\/index.php?rest_route=\/wp\/v2\/users\/5"}],"replies":[{"embeddable":true,"href":"https:\/\/svk.hkdrustvo.hr\/index.php?rest_route=%2Fwp%2Fv2%2Fcomments&post=642"}],"version-history":[{"count":32,"href":"https:\/\/svk.hkdrustvo.hr\/index.php?rest_route=\/wp\/v2\/pages\/642\/revisions"}],"predecessor-version":[{"id":2110,"href":"https:\/\/svk.hkdrustvo.hr\/index.php?rest_route=\/wp\/v2\/pages\/642\/revisions\/2110"}],"wp:featuredmedia":[{"embeddable":true,"href":"https:\/\/svk.hkdrustvo.hr\/index.php?rest_route=\/wp\/v2\/media\/1685"}],"wp:attachment":[{"href":"https:\/\/svk.hkdrustvo.hr\/index.php?rest_route=%2Fwp%2Fv2%2Fmedia&parent=642"}],"curies":[{"name":"wp","href":"https:\/\/api.w.org\/{rel}","templated":true}]}}