{"id":137,"date":"2023-02-08T22:27:08","date_gmt":"2023-02-08T21:27:08","guid":{"rendered":"http:\/\/svk.hkdrustvo.hr\/?page_id=137"},"modified":"2025-11-21T11:25:37","modified_gmt":"2025-11-21T10:25:37","slug":"program","status":"publish","type":"page","link":"https:\/\/svk.hkdrustvo.hr\/?page_id=137","title":{"rendered":"Program"},"content":{"rendered":"<div class=\"wp-block-ub-content-toggle wp-block-ub-content-toggle-block\" id=\"ub-content-toggle-block-c9b00a36-462a-4675-952c-25698ad15047\" data-mobilecollapse=\"false\" data-desktopcollapse=\"false\" data-preventcollapse=\"false\" data-showonlyone=\"false\">\n<div class=\"wp-block-ub-content-toggle-accordion\" style=\"border-color: #b9e2db; \" id=\"ub-content-toggle-panel-block-\">\n\t\t\t<div class=\"wp-block-ub-content-toggle-accordion-title-wrap\" style=\"background-color: #b9e2db;\" aria-controls=\"ub-content-toggle-panel-0-c9b00a36-462a-4675-952c-25698ad15047\" tabindex=\"0\">\n\t\t\t<p class=\"wp-block-ub-content-toggle-accordion-title ub-content-toggle-title-c9b00a36-462a-4675-952c-25698ad15047\" style=\"color: #000000; \"><strong>Ponedjeljak 1.12.2025.<\/strong><\/p>\n\t\t\t<div class=\"wp-block-ub-content-toggle-accordion-toggle-wrap right\" style=\"color: #000000;\"><span class=\"wp-block-ub-content-toggle-accordion-state-indicator wp-block-ub-chevron-down\"><\/span><\/div>\n\t\t<\/div>\n\t\t\t<div role=\"region\" aria-expanded=\"false\" class=\"wp-block-ub-content-toggle-accordion-content-wrap ub-hide\" id=\"ub-content-toggle-panel-0-c9b00a36-462a-4675-952c-25698ad15047\">\n\n<p><mark style=\"background-color:#b9e2db\" class=\"has-inline-color\"><strong>12:30-18:00<\/strong> Registracije sudionika<\/mark><\/p>\n\n\n\n<p><mark style=\"background-color:#b9e2db\" class=\"has-inline-color has-black-color\"><strong>13:30-14:00<\/strong> Sve\u010dano otvorenje<\/mark><\/p>\n\n\n\n<div class=\"wp-block-group is-vertical is-layout-flex wp-container-core-group-is-layout-8cf370e7 wp-block-group-is-layout-flex\">\n<p><mark style=\"background-color:#b9e2db\" class=\"has-inline-color\"><strong>14:00-16:00<\/strong> Velika dvorana, tematski blok <strong>Knji\u017enice u doba digitalne transformacije i umjetne inteligencije<\/strong><\/mark><\/p>\n\n\n\n<p><em>Moderatorica<\/em>: Dejana Golenko<\/p>\n<\/div>\n\n\n\n<ul class=\"wp-block-list\">\n<li><strong>14:00-14:45<\/strong> <strong>Pozvano izlaganje<\/strong>\n<ul class=\"wp-block-list\">\n<li>I. Kunda: <strong>Mostovi izme\u0111u prava, knji\u017enica i umjetne inteligencije: izgradnja digitalno zrelog ekosustava visoko\u0161kolskih ustanova<\/strong><\/li>\n<\/ul>\n<\/li>\n\n\n\n<li><strong>14:45-16:00<\/strong> <strong>Pozvano izlaganje<\/strong> &#8211; <strong>Panel rasprava<\/strong>\n<ul class=\"wp-block-list\">\n<li><strong>Sveu\u010dili\u0161ta i visoko\u0161kolske knji\u017enice pred izazovima umjetne inteligencije<br><\/strong><em>Panelisti: <\/em>S. Ma\u0107e\u0161i\u0107, P Po\u0161\u010di\u0107, I. Kunda, M, Baj\u010di\u0107, A. Kolari\u0107 i L. Lazzarich<\/li>\n\n\n\n<li><em>Moderatorica<\/em>: Dejana Golenko<\/li>\n<\/ul>\n<\/li>\n<\/ul>\n\n\n\n<div class=\"wp-block-group is-vertical is-layout-flex wp-container-core-group-is-layout-8cf370e7 wp-block-group-is-layout-flex\">\n<p><mark style=\"background-color:#b9e2db\" class=\"has-inline-color\"><strong>14:45-16:00<\/strong> Mala dvorana, tematski blok <strong><strong>Poslovanje knji\u017enica<\/strong><\/strong><\/mark><\/p>\n\n\n\n<p><em>Moderatorice<\/em>: Andreja Tominac (izlaganja) i Gordana Ga\u0161o (e-posteri)<\/p>\n\n\n\n<p><strong>Izlaganja<\/strong>:<\/p>\n\n\n\n<ul class=\"wp-block-list\">\n<li><strong>14:45-15:00 <\/strong>\n<ul class=\"wp-block-list\">\n<li>V. Golubovi\u0107, S. Kosi\u0107, T. Aparac-Jelu\u0161i\u0107: <strong>Upravljanje zbirkom Yugoslavicae u hrvatskim znanstvenim i sveu\u010dili\u0161nim knji\u017enicama: izme\u0111u vrednovanja i razvojne politike fonda<\/strong><\/li>\n<\/ul>\n<\/li>\n\n\n\n<li><strong>15:00-15:15<\/strong>\n<ul class=\"wp-block-list\">\n<li>J. Logar, M. Petan: <strong>Uloga projektnog menad\u017ementa u organizaciji doga\u0111aja za zagovaranje knji\u017enica u akademskom prostoru<\/strong><\/li>\n<\/ul>\n<\/li>\n\n\n\n<li><strong>15:15-15:30 <\/strong>\n<ul class=\"wp-block-list\">\n<li>I. Kuki\u0107, I. Cahun Kisi\u0107: <strong>Izvan okvira tradicionalnih knji\u017eni\u010darskih funkcija: Knji\u017enica Filozofskog fakulteta Sveu\u010dili\u0161ta u Zagrebu izme\u0111u kulturnih aktivnosti i digitalne prisutnosti<\/strong><\/li>\n<\/ul>\n<\/li>\n<\/ul>\n\n\n\n<p><strong>E-posteri<\/strong>:<\/p>\n\n\n\n<ul class=\"wp-block-list\">\n<li><strong>15:30-16:00<\/strong>\n<ul class=\"wp-block-list\">\n<li>A. Gri \u0160torga, M. \u0160pigi\u0107, K. Zenzerovi\u0107: <strong>Giorgio Edmondo Pons, prvi pulski knji\u017eni\u010dar \u2013 primjer dobre prakse Knji\u017enice Arheolo\u0161kog muzeja Istre<\/strong><\/li>\n\n\n\n<li>L. Bratovi\u0107: <strong>Harald von Petrikovits: posebna zbirka u fondu Knji\u017enice Me\u0111unarodnog centra za podvodnu arheologiju u Zadru<\/strong><\/li>\n\n\n\n<li>L. Kukica \u0106osi\u0107: <strong>Zbirka libreta iz ostav\u0161tine Luke Dropca u Znanstvenoj knji\u017enici u Dubrovniku<\/strong><\/li>\n\n\n\n<li>J. Vragolov: <strong>Zbirka Pozza-Kati\u0107 u Znanstvenoj knji\u017enici Dubrovnik<\/strong><\/li>\n\n\n\n<li>M. Maruna: <strong>Vrijedna pisana ba\u0161tina<\/strong> <strong>Knji\u017enice Arheolo\u0161koga muzeja Zadar<\/strong><\/li>\n\n\n\n<li>T. Lubina, B. Petrovi\u0107: <strong>Uloga knji\u017enice Muzeja Slavonije u o\u010duvanju i interpretaciji kulturne ba\u0161tine Osijeka: primjer Hrvatskog lista u hemeroteci<\/strong><\/li>\n<\/ul>\n<\/li>\n<\/ul>\n<\/div>\n\n\n\n<div style=\"height:30px\" aria-hidden=\"true\" class=\"wp-block-spacer\"><\/div>\n\n\n\n<p><mark style=\"background-color:#b9e2db\" class=\"has-inline-color\"><strong>16:00-17:00 <\/strong>Domjenak<\/mark><\/p>\n\n\n\n<div class=\"wp-block-group is-vertical is-layout-flex wp-container-core-group-is-layout-8cf370e7 wp-block-group-is-layout-flex\">\n<div class=\"wp-block-group is-vertical is-layout-flex wp-container-core-group-is-layout-8cf370e7 wp-block-group-is-layout-flex\">\n<p><mark style=\"background-color:#b9e2db\" class=\"has-inline-color\"><strong>17:00-18:20<\/strong> Velika dvorana, tematski blok <strong>Knji\u017enice u doba digitalne transformacije i umjetne inteligencije<\/strong><\/mark><\/p>\n\n\n\n<p><em>Moderatorica<\/em>: Nina Jela\u010da<\/p>\n\n\n\n<p><strong>Izlaganja<\/strong>:<\/p>\n\n\n\n<ul class=\"wp-block-list\">\n<li><strong>17:00-17:15<\/strong> \n<ul class=\"wp-block-list\">\n<li>I. Ga\u0161parovi\u0107: <strong>Umjetna inteligencija u slu\u017ebi knji\u017eni\u010dara: identifikacija, klasifikacija i katalogizacija gra\u0111e na drugim jezicima i pismima<\/strong><\/li>\n<\/ul>\n<\/li>\n\n\n\n<li><strong>17:15-17:30<\/strong> \n<ul class=\"wp-block-list\">\n<li>A. Stojkovi\u0107: <strong>Digitalna E-knji\u017enica kao rje\u0161enje za izazove upravljanja knji\u017eni\u010dnim fondovima Sveu\u010dili\u0161ta u Banjoj Luci<\/strong><\/li>\n<\/ul>\n<\/li>\n\n\n\n<li><strong>17:30-17:45<\/strong> \n<ul class=\"wp-block-list\">\n<li>G. Stubi\u010dan Lade\u0161i\u0107:<strong> Iskustvo repozitorija Prirodoslovno-matemati\u010dkog fakulteta u procesu CoreTrustSeal certifikacije<\/strong><\/li>\n<\/ul>\n<\/li>\n\n\n\n<li><strong>17:45-18:00<\/strong> \n<ul class=\"wp-block-list\">\n<li>I. Ke\u017ei\u0107 Pucketi\u0107, A. Katuli\u0107, T. Petri\u0107: <strong>Slu\u017ebene publikacije u visoko\u0161kolskim, znanstvenim, sveu\u010dili\u0161nim i specijalnim knji\u017enicama<\/strong><\/li>\n<\/ul>\n<\/li>\n\n\n\n<li><strong>18:00-18:15<\/strong> \n<ul class=\"wp-block-list\">\n<li>Z. Vitkovi\u0107: <strong>Fizi\u010dka i virtualna Zbirka moli\u0161kih Hrvata u Knji\u017enici i Digitalnoj zbirci Hrvatske akademije znanosti i umjetnosti<\/strong><\/li>\n<\/ul>\n<\/li>\n<\/ul>\n<\/div>\n\n\n\n<div class=\"wp-block-group is-vertical is-layout-flex wp-container-core-group-is-layout-8cf370e7 wp-block-group-is-layout-flex\">\n<div class=\"wp-block-group is-vertical is-layout-flex wp-container-core-group-is-layout-8cf370e7 wp-block-group-is-layout-flex\">\n<p><strong>E-poster<\/strong>:<\/p>\n\n\n\n<ul class=\"wp-block-list\">\n<li><strong>18:15-18:20 <\/strong>\n<ul class=\"wp-block-list\">\n<li>L. \u0160uster: <strong>Umjetna inteligencija i informacijska pismenost: izazovi i percepcije u akademskoj zajednici<\/strong><\/li>\n<\/ul>\n<\/li>\n<\/ul>\n<\/div>\n<\/div>\n<\/div>\n\n\n\n<div style=\"height:30px\" aria-hidden=\"true\" class=\"wp-block-spacer\"><\/div>\n\n\n\n<div class=\"wp-block-group is-vertical is-layout-flex wp-container-core-group-is-layout-8cf370e7 wp-block-group-is-layout-flex\">\n<p><mark style=\"background-color:#b9e2db\" class=\"has-inline-color\"><strong>17:00-18:15<\/strong> Mala dvorana, tematski blok <strong>Knji\u017enice u doba digitalne transformacije i umjetne inteligencije<\/strong><\/mark><\/p>\n\n\n\n<p><strong>Radionica<\/strong>:<\/p>\n\n\n\n<ul class=\"wp-block-list\">\n<li>J. Cvrkovi\u0107: <strong>Komunikacija i umjetna inteligencija u kontekstu knji\u017eni\u010darske prakse<\/strong><\/li>\n<\/ul>\n<\/div>\n\n\n\n<div style=\"height:22px\" aria-hidden=\"true\" class=\"wp-block-spacer\"><\/div>\n\n<\/div>\n\t\t<\/div>\n\n<div class=\"wp-block-ub-content-toggle-accordion\" style=\"border-color: #b9e2db; \" id=\"ub-content-toggle-panel-block-\">\n\t\t\t<div class=\"wp-block-ub-content-toggle-accordion-title-wrap\" style=\"background-color: #b9e2db;\" aria-controls=\"ub-content-toggle-panel-1-c9b00a36-462a-4675-952c-25698ad15047\" tabindex=\"0\">\n\t\t\t<p class=\"wp-block-ub-content-toggle-accordion-title ub-content-toggle-title-c9b00a36-462a-4675-952c-25698ad15047\" style=\"color: #000000; \"><strong>Utorak 2.12.2025.<\/strong><\/p>\n\t\t\t<div class=\"wp-block-ub-content-toggle-accordion-toggle-wrap right\" style=\"color: #000000;\"><span class=\"wp-block-ub-content-toggle-accordion-state-indicator wp-block-ub-chevron-down\"><\/span><\/div>\n\t\t<\/div>\n\t\t\t<div role=\"region\" aria-expanded=\"false\" class=\"wp-block-ub-content-toggle-accordion-content-wrap ub-hide\" id=\"ub-content-toggle-panel-1-c9b00a36-462a-4675-952c-25698ad15047\">\n\n<p><mark style=\"background-color:#b9e2db\" class=\"has-inline-color\"><strong>9:00-13:00<\/strong> Registracije sudionika<\/mark><\/p>\n\n\n\n<div class=\"wp-block-group is-vertical is-layout-flex wp-container-core-group-is-layout-8cf370e7 wp-block-group-is-layout-flex\">\n<div class=\"wp-block-group is-vertical is-layout-flex wp-container-core-group-is-layout-8cf370e7 wp-block-group-is-layout-flex\">\n<p><mark style=\"background-color:#b9e2db\" class=\"has-inline-color\"><strong>9:30-11:00<\/strong> Velika dvorana, tematski blok <strong>Knji\u017enice u doba digitalne transformacije i umjetne inteligencije<\/strong><\/mark><\/p>\n\n\n\n<p><em>Moderatorica<\/em>: Nina Jela\u010da<\/p>\n<\/div>\n\n\n\n<p><strong>Izlaganja<\/strong>:<\/p>\n\n\n\n<ul class=\"wp-block-list\">\n<li><strong>9:30-10:30<\/strong> <strong>pozvano izlaganje &#8211; <em>Okrugli stol <\/em><\/strong>\n<ul class=\"wp-block-list\">\n<li>D. Machala, I. Stri\u010devi\u0107 i L. Lazzarich: <strong>Topologija hrvatskog visoko\u0161kolskog knji\u017eni\u010dnog sustava u oblaku: iskustva i o\u010dekivanja<\/strong><\/li>\n<\/ul>\n<\/li>\n<\/ul>\n\n\n\n<ul class=\"wp-block-list\">\n<li><strong>10:30-10:45 <\/strong>\n<ul class=\"wp-block-list\">\n<li>S. Klarin Zadravec, K. Holub, M. Justini\u0107: <strong>Rezultati dvadesetogodi\u0161nje digitalizacije hrvatske periodike i izazovi izgradnje infrastrukture<\/strong><\/li>\n<\/ul>\n<\/li>\n\n\n\n<li><strong>10:45-11:00<\/strong> \n<ul class=\"wp-block-list\">\n<li>D. Ma\u0161ina Delija, I. \u0160amec Flaschar: <strong>Digitalna zbirka i katalog Hrvatske akademije znanosti i umjetnosti: aktualno stanje i perspektiva razvoja<\/strong><\/li>\n<\/ul>\n<\/li>\n<\/ul>\n<\/div>\n\n\n\n<div style=\"height:30px\" aria-hidden=\"true\" class=\"wp-block-spacer\"><\/div>\n\n\n\n<p><mark style=\"background-color:#b9e2db\" class=\"has-inline-color\"><strong>11:00-11:30 <\/strong>Pauza<\/mark><\/p>\n\n\n\n<div class=\"wp-block-group is-vertical is-layout-flex wp-container-core-group-is-layout-8cf370e7 wp-block-group-is-layout-flex\">\n<p><mark style=\"background-color:#b9e2db\" class=\"has-inline-color\"><strong>11:30-12:15<\/strong> Velika dvorana, tematski blok <strong>Odr\u017eivi razvoj knji\u017enica<\/strong><\/mark> <\/p>\n\n\n\n<p><em>Moderatorica<\/em>: Vilena Vrbani\u0107<\/p>\n\n\n\n<p><strong>Izlaganja<\/strong>:<\/p>\n\n\n\n<ul class=\"wp-block-list\">\n<li><strong>11:30-11:45 <\/strong>\n<ul class=\"wp-block-list\">\n<li>S. Pupovac, M. Rado\u0161: <strong>Zelena knji\u017enica Akademije za umjetnost i kulturu u Osijeku \u2013 Sinergija obrazovanja, umjetnosti, ekologije i odr\u017eivosti<\/strong><\/li>\n<\/ul>\n<\/li>\n\n\n\n<li><strong>11:45-12:00<\/strong> \n<ul class=\"wp-block-list\">\n<li>J. So\u010do, L. Zrni\u0107: <strong>Knji\u017enica kao prostor jezi\u010dne i kulturne razmjene: projekt Jezi\u010dnog kafi\u0107a \u2013 JeKa<\/strong><\/li>\n<\/ul>\n<\/li>\n\n\n\n<li><strong>12:00-12:15<\/strong> \n<ul class=\"wp-block-list\">\n<li>J. Bogdanovi\u0107, D. Krsti\u0107:<strong> Va\u017enost otpornosti i prilagodljivosti za dugoro\u010dno o\u010duvanje knji\u017eni\u010dnih zbirki<\/strong><\/li>\n<\/ul>\n<\/li>\n<\/ul>\n<\/div>\n\n\n\n<div style=\"height:30px\" aria-hidden=\"true\" class=\"wp-block-spacer\"><\/div>\n\n\n\n<div class=\"wp-block-group is-vertical is-layout-flex wp-container-core-group-is-layout-8cf370e7 wp-block-group-is-layout-flex\">\n<div class=\"wp-block-group is-vertical is-layout-flex wp-container-core-group-is-layout-8cf370e7 wp-block-group-is-layout-flex\">\n<p><mark style=\"background-color:#b9e2db\" class=\"has-inline-color\"><strong>12:15-13:05<\/strong> Velika dvorana, tematski blok <strong>Izazovi otvorenosti knji\u017enica<\/strong><\/mark><\/p>\n\n\n\n<p><em>Moderatorice<\/em>: Edita Ba\u010di\u0107 i Iva Sesar<\/p>\n\n\n\n<p><strong>Izlaganja<\/strong>:<\/p>\n\n\n\n<ul class=\"wp-block-list\">\n<li><strong>12:15-12:30<\/strong> \n<ul class=\"wp-block-list\">\n<li>L. Machala: <strong>Zajedni\u010dki proces rada CIP ureda u Hrvatskoj kori\u0161tenjem zajedni\u010dkog mre\u017enog obrasca i zajedni\u010dkog knji\u017eni\u010dnog sustava Alma<\/strong><\/li>\n<\/ul>\n<\/li>\n\n\n\n<li><strong>12:30-12:45<\/strong> \n<ul class=\"wp-block-list\">\n<li>M. Justini\u0107: <strong>Vrednovanje digitalnih zbirki: izazovi, pristupi i primjena modela u\u010dinka uravnote\u017eenih vrijednosti<\/strong><\/li>\n<\/ul>\n<\/li>\n\n\n\n<li><strong>12:45-13:00 <\/strong>\n<ul class=\"wp-block-list\">\n<li>A. Kne\u017eevi\u0107 Cerovski, P. Pancirov: <strong>Prona\u0111i, prepoznaj, pove\u017ei: uloga normativne baze podataka u knji\u017eni\u010dnim informacijskim sustavima<\/strong><\/li>\n<\/ul>\n<\/li>\n<\/ul>\n\n\n\n<p><strong>E-poster<\/strong>:<\/p>\n\n\n\n<ul class=\"wp-block-list\">\n<li><strong>13:00-13:05<\/strong> \n<ul class=\"wp-block-list\">\n<li>L. Dolenec, S. Mari\u010dkovi\u0107: <strong>Doprinos visoko\u0161kolskih knji\u017enica promicanju otvorene znanosti: otvoreni pristup ocjenskim radovima putem sustava Dabar<\/strong><\/li>\n<\/ul>\n<\/li>\n<\/ul>\n<\/div>\n<\/div>\n\n\n\n<div style=\"height:30px\" aria-hidden=\"true\" class=\"wp-block-spacer\"><\/div>\n\n\n\n<div class=\"wp-block-group is-vertical is-layout-flex wp-container-core-group-is-layout-8cf370e7 wp-block-group-is-layout-flex\">\n<div class=\"wp-block-group is-vertical is-layout-flex wp-container-core-group-is-layout-8cf370e7 wp-block-group-is-layout-flex\">\n<p><mark style=\"background-color:#b9e2db\" class=\"has-inline-color\"><strong>11:30-12:45 <\/strong>Mala dvorana, tematski blok <strong>Knji\u017enice u doba digitalne transformacije i umjetne inteligencije<\/strong><\/mark><\/p>\n\n\n\n<p><strong>Radionica<\/strong>:<\/p>\n\n\n\n<ul class=\"wp-block-list\">\n<li>K. \u0160venda Radeljak; D. Golenko; I. Ke\u017ei\u0107 Pucketi\u0107; I. Kova\u010devi\u0107 Melin\u010devi\u0107: <strong>Informacijski pismeni, pravno osvije\u0161teni: supermo\u0107i knji\u017eni\u010dara u digitalnom dobu<\/strong><\/li>\n<\/ul>\n<\/div>\n<\/div>\n\n\n\n<div style=\"height:30px\" aria-hidden=\"true\" class=\"wp-block-spacer\"><\/div>\n\n\n\n<p><mark style=\"background-color:#b9e2db\" class=\"has-inline-color\"><strong>13:05-14:15<\/strong> Pauza za ru\u010dak<\/mark><\/p>\n\n\n\n<div class=\"wp-block-group is-vertical is-layout-flex wp-container-core-group-is-layout-8cf370e7 wp-block-group-is-layout-flex\">\n<div class=\"wp-block-group is-vertical is-layout-flex wp-container-core-group-is-layout-8cf370e7 wp-block-group-is-layout-flex\">\n<div class=\"wp-block-group is-vertical is-layout-flex wp-container-core-group-is-layout-8cf370e7 wp-block-group-is-layout-flex\">\n<p><mark style=\"background-color:#b9e2db\" class=\"has-inline-color\"><strong>14:15-15:30<\/strong> Velika dvorana, tematski blok\u00a0<strong><strong>Izazovi otvorenosti knji\u017enica<\/strong><\/strong><\/mark><\/p>\n\n\n\n<p><strong>Izlaganja<\/strong>:<\/p>\n\n\n\n<ul class=\"wp-block-list\">\n<li><strong>14:15-15:00<\/strong> <strong>pozvano izlaganje<\/strong>\n<ul class=\"wp-block-list\">\n<li>M. Bargheer (G\u00f6ttingen University Library) (online izlaganje): <strong>Open Access enabled by libraries \u2013 challenges and opportunities<\/strong><\/li>\n<\/ul>\n<\/li>\n\n\n\n<li><strong>15:00-15:15<\/strong> \n<ul class=\"wp-block-list\">\n<li>L. Palameta: <strong>Prva Zimska \u0161kola otvorene znanosti na Institutu Ru\u0111er Bo\u0161kovi\u0107<\/strong><\/li>\n<\/ul>\n<\/li>\n\n\n\n<li><strong>15:15-15:30<\/strong>\n<ul class=\"wp-block-list\">\n<li>I. Melin\u0161\u010dak Zlodi: <strong>\u201cZeleni\u201d otvoreni pristup: prilika koju olako propu\u0161tamo<\/strong><\/li>\n<\/ul>\n<\/li>\n<\/ul>\n<\/div>\n<\/div>\n<\/div>\n\n\n\n<div style=\"height:30px\" aria-hidden=\"true\" class=\"wp-block-spacer\"><\/div>\n\n\n\n<p><mark style=\"background-color:#b9e2db\" class=\"has-inline-color\"><strong>15:30-16:00<\/strong> Pauza<\/mark><\/p>\n\n\n\n<div class=\"wp-block-group is-vertical is-layout-flex wp-container-core-group-is-layout-8cf370e7 wp-block-group-is-layout-flex\">\n<p><mark style=\"background-color:#b9e2db\" class=\"has-inline-color\"><strong>16:00-17:15<\/strong> Velika dvorana, tematski blok <strong><strong>Polo\u017eaj knji\u017enica i knji\u017eni\u010dara<\/strong><\/strong> <\/mark><\/p>\n\n\n\n<p><em>Moderatorica<\/em>: Dora Rubini\u0107<\/p>\n\n\n\n<ul class=\"wp-block-list\">\n<li><strong>16:00-16:15<\/strong> <strong>Izlaganje<\/strong>\n<ul class=\"wp-block-list\">\n<li>V. Novosel, J. So\u010do, L. Zrni\u0107: <strong>Izme\u0111u o\u010dekivanja i kapaciteta: organizacijsko restrukturiranje visoko\u0161kolskih knji\u017enica na primjeru Knji\u017enice Filozofskog fakulteta u Zagrebu<\/strong><\/li>\n<\/ul>\n<\/li>\n\n\n\n<li><strong>16:15-17:45<\/strong> <em><strong>Okrugli stol<\/strong><\/em><br><em>Moderatorica:<\/em> B. Peradeni\u0107-Kotur\n<ul class=\"wp-block-list\">\n<li><em>Sudionici: <\/em>E. Ba\u010di\u0107, D. M. Gabriel, D. Nemec, T. Petri\u0107: <strong>Etika u knji\u017eni\u010darstvu<\/strong><\/li>\n<\/ul>\n<\/li>\n<\/ul>\n<\/div>\n\n\n\n<div style=\"height:30px\" aria-hidden=\"true\" class=\"wp-block-spacer\"><\/div>\n\n\n\n<p><mark style=\"background-color:#b9e2db\" class=\"has-inline-color\"><strong>19:00<\/strong> Ve\u010dera za sudionike<\/mark><\/p>\n\n<\/div>\n\t\t<\/div>\n\n<div class=\"wp-block-ub-content-toggle-accordion\" style=\"border-color: #b9e2db; \" id=\"ub-content-toggle-panel-block-\">\n\t\t\t<div class=\"wp-block-ub-content-toggle-accordion-title-wrap\" style=\"background-color: #b9e2db;\" aria-controls=\"ub-content-toggle-panel-2-c9b00a36-462a-4675-952c-25698ad15047\" tabindex=\"0\">\n\t\t\t<p class=\"wp-block-ub-content-toggle-accordion-title ub-content-toggle-title-c9b00a36-462a-4675-952c-25698ad15047\" style=\"color: #000000; \"><strong>Srijeda 3.12.2025.<\/strong><\/p>\n\t\t\t<div class=\"wp-block-ub-content-toggle-accordion-toggle-wrap right\" style=\"color: #000000;\"><span class=\"wp-block-ub-content-toggle-accordion-state-indicator wp-block-ub-chevron-down\"><\/span><\/div>\n\t\t<\/div>\n\t\t\t<div role=\"region\" aria-expanded=\"false\" class=\"wp-block-ub-content-toggle-accordion-content-wrap ub-hide\" id=\"ub-content-toggle-panel-2-c9b00a36-462a-4675-952c-25698ad15047\">\n\n<p><mark style=\"background-color:#b9e2db\" class=\"has-inline-color\"><strong>9:00-12:00<\/strong> Registracije sudionika<\/mark><\/p>\n\n\n\n<div class=\"wp-block-group is-vertical is-layout-flex wp-container-core-group-is-layout-8cf370e7 wp-block-group-is-layout-flex\">\n<p><mark style=\"background-color:#b9e2db\" class=\"has-inline-color\"><strong>9:30-11:00<\/strong> Velika dvorana, tematski blok <strong>Polo\u017eaj knji\u017enica i knji\u017eni\u010dara<\/strong><\/mark><\/p>\n\n\n\n<p><em>Moderatorica<\/em>: Dejana Golenko<\/p>\n\n\n\n<p><strong>Izlaganja<\/strong>:<\/p>\n\n\n\n<ul class=\"wp-block-list\">\n<li><strong>9:30-10:15<\/strong> <strong>Pozvano izlaganje<\/strong>\n<ul class=\"wp-block-list\">\n<li>M. Banek Zorica: <strong>Knji\u017eni\u010dari u eri umjetne inteligencije: izme\u0111u znanja, kompetencija i identiteta<\/strong><\/li>\n<\/ul>\n<\/li>\n\n\n\n<li><strong>10:15-10:30<\/strong> \n<ul class=\"wp-block-list\">\n<li>J. Bre\u0161ar, M. Brada\u010d, T. Ul\u010dakar: <strong>Bibliometrijske analize kao alat za znanstvenu izvrsnost: iskustvo Centralne ekonomske knji\u017enice<\/strong><\/li>\n<\/ul>\n<\/li>\n\n\n\n<li><strong>10:30-10:45 <\/strong>\n<ul class=\"wp-block-list\">\n<li>S. Brbora: <strong>Je li nazivlje u podru\u010dju visoko\u0161kolskih i specijalnih knji\u017enica sasvim uskla\u0111eno?<\/strong><\/li>\n<\/ul>\n<\/li>\n\n\n\n<li><strong>10:45-11:00 <\/strong>\n<ul class=\"wp-block-list\">\n<li>H. \u0160ari\u0107, A. Piki\u0107 Jugovi\u0107: <strong>CroRIS i knji\u017eni\u010dari: sinergija stru\u010dnosti i tehnologije<\/strong><\/li>\n<\/ul>\n<\/li>\n<\/ul>\n<\/div>\n\n\n\n<div style=\"height:30px\" aria-hidden=\"true\" class=\"wp-block-spacer\"><\/div>\n\n\n\n<p><mark style=\"background-color:#b9e2db\" class=\"has-inline-color\"><strong>11:00-11:30<\/strong> Pauza<\/mark><\/p>\n\n\n\n<div class=\"wp-block-group is-vertical is-layout-flex wp-container-core-group-is-layout-8cf370e7 wp-block-group-is-layout-flex\">\n<div class=\"wp-block-group is-vertical is-layout-flex wp-container-core-group-is-layout-8cf370e7 wp-block-group-is-layout-flex\">\n<div class=\"wp-block-group is-vertical is-layout-flex wp-container-core-group-is-layout-8cf370e7 wp-block-group-is-layout-flex\">\n<p><mark style=\"background-color:#b9e2db\" class=\"has-inline-color\"><strong>11:30-13:00<\/strong> Velika dvorana, tematski blok <strong>Polo\u017eaj knji\u017enica i knji\u017eni\u010dara<\/strong><\/mark><\/p>\n\n\n\n<p><em>Moderatorica<\/em>: Dora Rubini\u0107<\/p>\n\n\n\n<p><strong>Izlaganja<\/strong>:<\/p>\n\n\n\n<ul class=\"wp-block-list\">\n<li><strong>11:30-11:45<\/strong> \n<ul class=\"wp-block-list\">\n<li>S. Heberling Dragi\u010devi\u0107: <strong>Pregled stanja u visoko\u0161kolskim i specijalnim knji\u017enicama na podru\u010dju mati\u010dne djelatnosti Sveu\u010dili\u0161ne knji\u017enice Rijeka: uskla\u0111enost s va\u017ee\u0107im standardima<\/strong><\/li>\n<\/ul>\n<\/li>\n\n\n\n<li><strong>11:45-12:00<\/strong> \n<ul class=\"wp-block-list\">\n<li>T. Ul\u010dakar, L. Borovnjak: <strong>Novi profesionalni horizonti: redefiniranje uloge visoko\u0161kolskog knji\u017eni\u010dara u Sloveniji<\/strong><\/li>\n<\/ul>\n<\/li>\n\n\n\n<li><strong>12:00-12:15<\/strong> \n<ul class=\"wp-block-list\">\n<li>A. Filipeti; G. Ga\u0161o, M. Kova\u010d: <strong>Programi Centra za stalno stru\u010dno usavr\u0161avanje knji\u017eni\u010dara kao potpora razmjeni znanja i profesionalnom umre\u017eavanju knji\u017eni\u010dara iz visoko\u0161kolskih i specijalnih knji\u017enica<\/strong><\/li>\n<\/ul>\n<\/li>\n\n\n\n<li><strong>12:15-12:30<\/strong> \n<ul class=\"wp-block-list\">\n<li>L. K. Lon\u010dari\u0107: <strong>Katalogizator 21. stolje\u0107a: katalogizacija u doba umjetne inteligencije \u2013 prilike, izazovi i nove kompetencije<\/strong><\/li>\n<\/ul>\n<\/li>\n\n\n\n<li><strong>12:30-12:45<\/strong> \n<ul class=\"wp-block-list\">\n<li>D. Kos, D. \u0160obota, S. \u0160piranec: <strong>Obrazovna uloga visoko\u0161kolskih knji\u017eni\u010dara u pou\u010davanju o pogre\u0161nim informacijama i dezinformacijama<\/strong><\/li>\n<\/ul>\n<\/li>\n<\/ul>\n\n\n\n<p><strong>E-posteri<\/strong>:<\/p>\n\n\n\n<ul class=\"wp-block-list\">\n<li><strong>12:45-13:00<\/strong>\n<ul class=\"wp-block-list\">\n<li>V. Golubovi\u0107, A. Katuli\u0107, N. \u0160trbac: <strong>Pet godina Pravilnika o obveznom primjerku: uloga NSK u edukaciji i informiranju stru\u010dne zajednice<\/strong><\/li>\n\n\n\n<li>B. \u0160alamon-Cindori, A. Tominac, G. Ga\u0161o: <strong>\u0160to su nam donijele izmjene Zakona o knji\u017enicama i knji\u017eni\u010dnoj djelatnosti iz 2024. godine?<\/strong><\/li>\n<\/ul>\n<\/li>\n<\/ul>\n<\/div>\n<\/div>\n<\/div>\n\n\n\n<div style=\"height:30px\" aria-hidden=\"true\" class=\"wp-block-spacer\"><\/div>\n\n\n\n<div class=\"wp-block-group is-vertical is-layout-flex wp-container-core-group-is-layout-8cf370e7 wp-block-group-is-layout-flex\">\n<div class=\"wp-block-group is-vertical is-layout-flex wp-container-core-group-is-layout-8cf370e7 wp-block-group-is-layout-flex\">\n<p><mark style=\"background-color:#b9e2db\" class=\"has-inline-color\"><strong>11:30-13:00<\/strong> Mala dvorana, tematski blok <strong>Polo\u017eaj knji\u017enica i knji\u017eni\u010dara<\/strong><\/mark><\/p>\n\n\n\n<p><strong>Radionica: <\/strong><\/p>\n\n\n\n<ul class=\"wp-block-list\">\n<li>J. Bolkovac, V. Bo\u017ei\u010devi\u0107, G. Stubi\u010dan Lade\u0161i\u0107, V. Novosel, I. Pa\u017eur, T. Petri\u0107: <strong>Svugdje, stalno<\/strong><\/li>\n<\/ul>\n<\/div>\n<\/div>\n\n\n\n<div style=\"height:30px\" aria-hidden=\"true\" class=\"wp-block-spacer\"><\/div>\n\n\n\n<p><mark style=\"background-color:#b9e2db\" class=\"has-inline-color\"><strong>13:00-13:30<\/strong> Zaklju\u010dci konferencije<\/mark><\/p>\n\n<\/div>\n\t\t<\/div>\n<\/div>\n\n\n<figure class=\"wp-block-image size-full is-resized\"><img loading=\"lazy\" decoding=\"async\" width=\"753\" height=\"232\" src=\"https:\/\/svk.hkdrustvo.hr\/wp-content\/uploads\/2023\/02\/Slike-loga-1.png\" alt=\"\" class=\"wp-image-390\" style=\"width:377px;height:116px\" srcset=\"https:\/\/svk.hkdrustvo.hr\/wp-content\/uploads\/2023\/02\/Slike-loga-1.png 753w, https:\/\/svk.hkdrustvo.hr\/wp-content\/uploads\/2023\/02\/Slike-loga-1-300x92.png 300w\" sizes=\"auto, (max-width: 753px) 100vw, 753px\" \/><\/figure>\n","protected":false},"excerpt":{"rendered":"","protected":false},"author":2,"featured_media":1353,"parent":0,"menu_order":0,"comment_status":"closed","ping_status":"closed","template":"","meta":{"footnotes":""},"class_list":["post-137","page","type-page","status-publish","has-post-thumbnail","hentry","post"],"featured_image_src":"https:\/\/svk.hkdrustvo.hr\/wp-content\/uploads\/2025\/04\/19.-dani-SVK-logo-scaled.png","_links":{"self":[{"href":"https:\/\/svk.hkdrustvo.hr\/index.php?rest_route=\/wp\/v2\/pages\/137","targetHints":{"allow":["GET"]}}],"collection":[{"href":"https:\/\/svk.hkdrustvo.hr\/index.php?rest_route=\/wp\/v2\/pages"}],"about":[{"href":"https:\/\/svk.hkdrustvo.hr\/index.php?rest_route=\/wp\/v2\/types\/page"}],"author":[{"embeddable":true,"href":"https:\/\/svk.hkdrustvo.hr\/index.php?rest_route=\/wp\/v2\/users\/2"}],"replies":[{"embeddable":true,"href":"https:\/\/svk.hkdrustvo.hr\/index.php?rest_route=%2Fwp%2Fv2%2Fcomments&post=137"}],"version-history":[{"count":180,"href":"https:\/\/svk.hkdrustvo.hr\/index.php?rest_route=\/wp\/v2\/pages\/137\/revisions"}],"predecessor-version":[{"id":2053,"href":"https:\/\/svk.hkdrustvo.hr\/index.php?rest_route=\/wp\/v2\/pages\/137\/revisions\/2053"}],"wp:featuredmedia":[{"embeddable":true,"href":"https:\/\/svk.hkdrustvo.hr\/index.php?rest_route=\/wp\/v2\/media\/1353"}],"wp:attachment":[{"href":"https:\/\/svk.hkdrustvo.hr\/index.php?rest_route=%2Fwp%2Fv2%2Fmedia&parent=137"}],"curies":[{"name":"wp","href":"https:\/\/api.w.org\/{rel}","templated":true}]}}